{"id":24608,"date":"2022-02-22T08:35:00","date_gmt":"2022-02-22T08:35:00","guid":{"rendered":"http:\/\/mosel-immo.sichtbarjetzt.de\/?page_id=24608"},"modified":"2023-04-20T08:33:41","modified_gmt":"2023-04-20T08:33:41","slug":"ueber-uns","status":"publish","type":"page","link":"http:\/\/mosel-immo.sichtbarjetzt.de\/?page_id=24608","title":{"rendered":"\u00dcber uns"},"content":{"rendered":"<p>[et_pb_section fb_built=&#8220;1&#8243; custom_padding_last_edited=&#8220;on|phone&#8220; admin_label=&#8220;Header&#8220; _builder_version=&#8220;4.18.1&#8243; _module_preset=&#8220;default&#8220; use_background_color_gradient=&#8220;on&#8220; background_color_gradient_direction=&#8220;181deg&#8220; background_color_gradient_stops=&#8220;rgba(255,255,255,0) 24%|rgba(0,26,30,0.68) 100%&#8220; background_color_gradient_overlays_image=&#8220;on&#8220; background_image=&#8220;http:\/\/mosel-immo.sichtbarjetzt.de\/wp-content\/uploads\/2022\/10\/278579167_523621392757170_1869569336415911013_n-e1667053963780.jpeg&#8220; parallax=&#8220;on&#8220; custom_margin_tablet=&#8220;&#8220; custom_margin_phone=&#8220;||||false|false&#8220; custom_margin_last_edited=&#8220;on|phone&#8220; custom_padding=&#8220;20%||||false|false&#8220; custom_padding_tablet=&#8220;20%||||false|false&#8220; custom_padding_phone=&#8220;||0px||false|false&#8220; da_disable_devices=&#8220;off|off|off&#8220; collapsed=&#8220;on&#8220; global_colors_info=&#8220;{}&#8220; da_is_popup=&#8220;off&#8220; da_exit_intent=&#8220;off&#8220; da_has_close=&#8220;on&#8220; da_alt_close=&#8220;off&#8220; da_dark_close=&#8220;off&#8220; da_not_modal=&#8220;on&#8220; da_is_singular=&#8220;off&#8220; da_with_loader=&#8220;off&#8220; da_has_shadow=&#8220;on&#8220;][et_pb_row _builder_version=&#8220;4.18.0&#8243; _module_preset=&#8220;default&#8220; global_colors_info=&#8220;{}&#8220;][et_pb_column type=&#8220;4_4&#8243; _builder_version=&#8220;4.18.0&#8243; _module_preset=&#8220;default&#8220; global_colors_info=&#8220;{}&#8220;][et_pb_text _builder_version=&#8220;4.18.0&#8243; _module_preset=&#8220;c16985e1-e0d6-4022-964d-e2bfc04fa633&#8243; header_font=&#8220;Cherokee|||on|||||&#8220; header_text_color=&#8220;#FFFFFF&#8220; header_font_size=&#8220;70px&#8220; header_line_height=&#8220;1.15em&#8220; header_font_size_tablet=&#8220;40px&#8220; header_font_size_phone=&#8220;24px&#8220; header_font_size_last_edited=&#8220;on|desktop&#8220; global_colors_info=&#8220;{}&#8220;]<\/p>\n<h1>\u00dcber uns<\/h1>\n<p>[\/et_pb_text][\/et_pb_column][\/et_pb_row][\/et_pb_section][et_pb_section fb_built=&#8220;1&#8243; admin_label=&#8220;Header&#8220; _builder_version=&#8220;4.18.0&#8243; _module_preset=&#8220;default&#8220; background_color=&#8220;rgba(149,121,47,0.3)&#8220; overflow-x=&#8220;hidden&#8220; overflow-y=&#8220;hidden&#8220; custom_margin=&#8220;0px||0px||false|false&#8220; custom_padding=&#8220;0px||0px||false|false&#8220; da_disable_devices=&#8220;off|off|off&#8220; locked=&#8220;off&#8220; collapsed=&#8220;on&#8220; global_colors_info=&#8220;{}&#8220; da_is_popup=&#8220;off&#8220; da_exit_intent=&#8220;off&#8220; da_has_close=&#8220;on&#8220; da_alt_close=&#8220;off&#8220; da_dark_close=&#8220;off&#8220; da_not_modal=&#8220;on&#8220; da_is_singular=&#8220;off&#8220; da_with_loader=&#8220;off&#8220; da_has_shadow=&#8220;on&#8220;][et_pb_row column_structure=&#8220;3_5,2_5&#8243; _builder_version=&#8220;4.18.0&#8243; _module_preset=&#8220;default&#8220; custom_margin=&#8220;0px|auto|0px|auto|false|false&#8220; custom_padding=&#8220;0px||0px||false|false&#8220; global_colors_info=&#8220;{}&#8220;][et_pb_column type=&#8220;3_5&#8243; _builder_version=&#8220;4.17.6&#8243; _module_preset=&#8220;default&#8220; custom_padding=&#8220;10%||8vw||false|false&#8220; global_colors_info=&#8220;{}&#8220;][et_pb_text _builder_version=&#8220;4.18.0&#8243; _module_preset=&#8220;b327cbe4-b1d5-4b66-ad37-40c8f2f061ba&#8220; header_text_color=&#8220;#00737D&#8220; header_2_font=&#8220;Cherokee|||on|||||&#8220; header_2_text_color=&#8220;#515151&#8243; header_2_font_size=&#8220;40px&#8220; header_2_line_height=&#8220;1.15em&#8220; header_2_font_size_tablet=&#8220;32px&#8220; header_2_font_size_phone=&#8220;26px&#8220; header_2_font_size_last_edited=&#8220;on|phone&#8220; global_colors_info=&#8220;{}&#8220;]<\/p>\n<h2>Ihre Immobilienmakler mit Herz und Liebe f\u00fcr die Region<\/h2>\n<p>[\/et_pb_text][et_pb_text _builder_version=&#8220;4.18.0&#8243; _module_preset=&#8220;1f09816e-184e-4ce5-a4cf-b39c52c423ca&#8220; text_font=&#8220;Microsoft sans serif||||||||&#8220; text_text_color=&#8220;#666666&#8243; text_font_size=&#8220;20px&#8220; text_line_height=&#8220;140%&#8220; link_text_color=&#8220;#666666&#8243; custom_margin=&#8220;-15px||0px||false|false&#8220; custom_padding=&#8220;||0px||false|false&#8220; text_font_size_tablet=&#8220;20px&#8220; text_font_size_phone=&#8220;20px&#8220; text_font_size_last_edited=&#8220;on|phone&#8220; header_font_size_tablet=&#8220;55px&#8220; header_font_size_last_edited=&#8220;off|desktop&#8220; global_colors_info=&#8220;{}&#8220;]<\/p>\n<p>Ich bin Mila Todorova\u2013 und die <strong>Gr\u00fcnderin<\/strong> von <strong>Mosel Immobilien Center. <\/strong>Wir bringen zusammen, was zusammengeh\u00f6rt: <strong>Passende Immobilien <\/strong>f\u00fcr die passenden Menschen in den <strong>Regionen Mosel, Eifel und Hunsr\u00fcck. <\/strong>Nach au\u00dfen bin ich <strong>Immobilienmaklerin,<\/strong>aber im Inneren bin ich Sinnstifterin. Ich sehe Immobilien als besondere <strong>Wertanlagen:<\/strong> mit einem gro\u00dfen emotionalen Wert.<\/p>\n<p>Wenn Sie Ihre <strong>Immobilie verkaufen<\/strong> m\u00f6chten, wissen wir, wie gro\u00df dieser Schritt ist. Was f\u00fcr eine Bedeutung er f\u00fcr Sie hat. Dass er mit einem Abschied verbunden ist, einem Abschied von der Vergangenheit. Und gleichzeitig ist er noch viel mehr: n\u00e4mlich der erste Schritt hin zu etwas Neuem. Zu neuen Geschichten. Zu neuen besonderen Momenten. Zu neuen Erinnerungen.<\/p>\n<p>Das ist es, was uns ausmacht: Wir erkennen den <strong>Wert von Immobilien <\/strong>\u00fcber ihren Sachwert hinaus \u2013 und das spiegelt sich in unserer gesamten Arbeit wider. Wir beherrschen die Arbeit mit Zahlen und genauso die Arbeit mit dem, was wir nicht in Zahlen messen k\u00f6nnen.<\/p>\n<p>[\/et_pb_text][\/et_pb_column][et_pb_column type=&#8220;2_5&#8243; _builder_version=&#8220;4.17.6&#8243; _module_preset=&#8220;default&#8220; global_colors_info=&#8220;{}&#8220;][et_pb_image src=&#8220;http:\/\/mosel-immo.sichtbarjetzt.de\/wp-content\/uploads\/2022\/10\/Bild.png&#8220; alt=&#8220;Mila Todorova&#8220; title_text=&#8220;Bild&#8220; disabled_on=&#8220;on|on|off&#8220; _builder_version=&#8220;4.18.1&#8243; _module_preset=&#8220;default&#8220; max_width_last_edited=&#8220;off|tablet&#8220; max_height=&#8220;800px&#8220; custom_margin=&#8220;5vw|-20vw|0px||false|false&#8220; custom_margin_tablet=&#8220;-140px|0vw|30px||false|false&#8220; custom_margin_phone=&#8220;-30px||||false|false&#8220; custom_margin_last_edited=&#8220;on|phone&#8220; custom_padding=&#8220;||0px||false|false&#8220; global_colors_info=&#8220;{}&#8220;][\/et_pb_image][\/et_pb_column][\/et_pb_row][\/et_pb_section][et_pb_section fb_built=&#8220;1&#8243; admin_label=&#8220;Section&#8220; _builder_version=&#8220;4.18.0&#8243; _module_preset=&#8220;default&#8220; custom_margin=&#8220;0px||80px||false|false&#8220; custom_padding=&#8220;0px||0px||false|false&#8220; da_disable_devices=&#8220;off|off|off&#8220; global_colors_info=&#8220;{}&#8220; da_is_popup=&#8220;off&#8220; da_exit_intent=&#8220;off&#8220; da_has_close=&#8220;on&#8220; da_alt_close=&#8220;off&#8220; da_dark_close=&#8220;off&#8220; da_not_modal=&#8220;on&#8220; da_is_singular=&#8220;off&#8220; da_with_loader=&#8220;off&#8220; da_has_shadow=&#8220;on&#8220;][et_pb_row use_custom_gutter=&#8220;on&#8220; gutter_width=&#8220;1&#8243; _builder_version=&#8220;4.18.0&#8243; _module_preset=&#8220;default&#8220; custom_margin=&#8220;-30px||0px||false|false&#8220; custom_padding=&#8220;||24px||false|false&#8220; animation_style=&#8220;slide&#8220; global_colors_info=&#8220;{}&#8220;][et_pb_column type=&#8220;4_4&#8243; _builder_version=&#8220;4.18.0&#8243; _module_preset=&#8220;default&#8220; custom_padding=&#8220;45px|30px|0px||false|false&#8220; global_colors_info=&#8220;{}&#8220;][et_pb_text _builder_version=&#8220;4.18.0&#8243; _module_preset=&#8220;b327cbe4-b1d5-4b66-ad37-40c8f2f061ba&#8220; header_text_color=&#8220;#00737D&#8220; header_2_font=&#8220;Cherokee|||on|||||&#8220; header_2_text_color=&#8220;#515151&#8243; header_2_font_size=&#8220;40px&#8220; header_2_line_height=&#8220;1.15em&#8220; header_2_font_size_tablet=&#8220;32px&#8220; header_2_font_size_phone=&#8220;32px&#8220; header_2_font_size_last_edited=&#8220;on|phone&#8220; global_colors_info=&#8220;{}&#8220;]<\/p>\n<h2>Das Team<\/h2>\n<p>[\/et_pb_text][et_pb_code _builder_version=&#8220;4.18.0&#8243; _module_preset=&#8220;default&#8220; global_colors_info=&#8220;{}&#8220;][\/et_pb_code][\/et_pb_column][\/et_pb_row][et_pb_row column_structure=&#8220;1_3,1_3,1_3&#8243; use_custom_gutter=&#8220;on&#8220; gutter_width=&#8220;1&#8243; _builder_version=&#8220;4.18.0&#8243; _module_preset=&#8220;default&#8220; custom_margin=&#8220;0px||20px||false|false&#8220; custom_padding=&#8220;0px||20px||false|false&#8220; animation_style=&#8220;slide&#8220; border_width_bottom=&#8220;2px&#8220; border_color_bottom=&#8220;#82744C&#8220; global_colors_info=&#8220;{}&#8220;][et_pb_column type=&#8220;1_3&#8243; _builder_version=&#8220;4.18.0&#8243; _module_preset=&#8220;default&#8220; custom_padding=&#8220;0px|30px|0px|0px|false|false&#8220; global_colors_info=&#8220;{}&#8220;][et_pb_text _builder_version=&#8220;4.18.0&#8243; _module_preset=&#8220;1f09816e-184e-4ce5-a4cf-b39c52c423ca&#8220; text_font=&#8220;||||||||&#8220; text_text_color=&#8220;#666666&#8243; text_font_size=&#8220;20px&#8220; text_line_height=&#8220;140%&#8220; link_text_color=&#8220;#666666&#8243; header_font=&#8220;Cherokee||||||||&#8220; header_text_color=&#8220;#333333&#8243; header_3_font=&#8220;Cherokee|||on|||||&#8220; header_3_text_color=&#8220;#515151&#8243; header_3_font_size=&#8220;26px&#8220; custom_margin=&#8220;5px||||false|false&#8220; text_font_size_tablet=&#8220;20px&#8220; text_font_size_phone=&#8220;20px&#8220; text_font_size_last_edited=&#8220;on|phone&#8220; header_font_size_tablet=&#8220;55px&#8220; header_font_size_last_edited=&#8220;off|desktop&#8220; global_colors_info=&#8220;{}&#8220;]<\/p>\n<h3>Mila Todorova<\/h3>\n<p>[\/et_pb_text][et_pb_text _builder_version=&#8220;4.18.0&#8243; _module_preset=&#8220;1f09816e-184e-4ce5-a4cf-b39c52c423ca&#8220; text_font=&#8220;Microsoft sans serif||||||||&#8220; text_text_color=&#8220;#515151&#8243; text_font_size=&#8220;20px&#8220; text_line_height=&#8220;140%&#8220; link_text_color=&#8220;#666666&#8243; custom_margin=&#8220;5px||||false|false&#8220; custom_margin_tablet=&#8220;5px||20px||false|false&#8220; custom_margin_phone=&#8220;5px||20px||false|false&#8220; custom_margin_last_edited=&#8220;on|tablet&#8220; text_font_size_tablet=&#8220;20px&#8220; text_font_size_phone=&#8220;20px&#8220; text_font_size_last_edited=&#8220;on|phone&#8220; header_font_size_tablet=&#8220;55px&#8220; header_font_size_last_edited=&#8220;off|desktop&#8220; global_colors_info=&#8220;{}&#8220;]<\/p>\n<p><span style=\"font-weight: 400;\">Gesch\u00e4ftsf\u00fchrung<\/span><span style=\"font-weight: 400;\"><br \/><\/span><span style=\"font-weight: 400;\">Gepr\u00fcfte Immobilienmaklerin<\/span><\/p>\n<p>[\/et_pb_text][et_pb_code _builder_version=&#8220;4.18.0&#8243; _module_preset=&#8220;default&#8220; global_colors_info=&#8220;{}&#8220;][\/et_pb_code][\/et_pb_column][et_pb_column type=&#8220;1_3&#8243; _builder_version=&#8220;4.18.0&#8243; _module_preset=&#8220;default&#8220; custom_padding=&#8220;|0px||0px|false|false&#8220; global_colors_info=&#8220;{}&#8220;][et_pb_image src=&#8220;http:\/\/mosel-immo.sichtbarjetzt.de\/wp-content\/uploads\/2023\/03\/Mila-scaled.jpg&#8220; alt=&#8220;Mila Todorova&#8220; title_text=&#8220;Mila&#8220; _builder_version=&#8220;4.19.3&#8243; _module_preset=&#8220;default&#8220; width=&#8220;210px&#8220; custom_padding=&#8220;||||false|false&#8220; custom_padding_tablet=&#8220;|400px|||false|false&#8220; custom_padding_phone=&#8220;|80px|||false|false&#8220; custom_padding_last_edited=&#8220;on|phone&#8220; global_colors_info=&#8220;{}&#8220;][\/et_pb_image][\/et_pb_column][et_pb_column type=&#8220;1_3&#8243; _builder_version=&#8220;4.18.0&#8243; _module_preset=&#8220;default&#8220; global_colors_info=&#8220;{}&#8220;][et_pb_text _builder_version=&#8220;4.18.0&#8243; _module_preset=&#8220;1f09816e-184e-4ce5-a4cf-b39c52c423ca&#8220; text_font=&#8220;Microsoft sans serif||||||||&#8220; text_text_color=&#8220;#666666&#8243; text_font_size=&#8220;20px&#8220; text_line_height=&#8220;140%&#8220; link_text_color=&#8220;#666666&#8243; custom_margin=&#8220;48px|||-100px|false|false&#8220; custom_margin_tablet=&#8220;20px|||0px|false|false&#8220; custom_margin_phone=&#8220;20px|||0px|false|false&#8220; custom_margin_last_edited=&#8220;on|tablet&#8220; text_font_size_tablet=&#8220;20px&#8220; text_font_size_phone=&#8220;20px&#8220; text_font_size_last_edited=&#8220;on|phone&#8220; header_font_size_tablet=&#8220;55px&#8220; header_font_size_last_edited=&#8220;off|desktop&#8220; global_colors_info=&#8220;{}&#8220;]<\/p>\n<p>E: <a href=\"mailto:info@moselimmocenter.de\" target=\"_blank\" rel=\"noopener\" title=\"E-Mail an Mila Todorova\" style=\"color: #9c8343;\"><span style=\"font-weight: 400;\">info@moselimmocenter.de<\/span><\/a><br \/>T: <a href=\"tel:065429636691\" title=\"Anruf bei Mila Todorova\" style=\"color: #9c8343;\">06542 963 6691<\/a><br \/>M: <span style=\"font-weight: 400;\">0160 85 61 526<\/span><\/p>\n<p>[\/et_pb_text][\/et_pb_column][\/et_pb_row][et_pb_row column_structure=&#8220;1_3,1_3,1_3&#8243; use_custom_gutter=&#8220;on&#8220; gutter_width=&#8220;1&#8243; _builder_version=&#8220;4.18.0&#8243; _module_preset=&#8220;default&#8220; custom_margin=&#8220;0px||20px||false|false&#8220; custom_padding=&#8220;0px||20px||false|false&#8220; animation_style=&#8220;slide&#8220; border_width_bottom=&#8220;2px&#8220; border_color_bottom=&#8220;#82744C&#8220; global_colors_info=&#8220;{}&#8220;][et_pb_column type=&#8220;1_3&#8243; _builder_version=&#8220;4.18.0&#8243; _module_preset=&#8220;default&#8220; custom_padding=&#8220;0px|30px|0px|0px|false|false&#8220; global_colors_info=&#8220;{}&#8220;][et_pb_text _builder_version=&#8220;4.18.0&#8243; _module_preset=&#8220;1f09816e-184e-4ce5-a4cf-b39c52c423ca&#8220; text_font=&#8220;||||||||&#8220; text_text_color=&#8220;#666666&#8243; text_font_size=&#8220;20px&#8220; text_line_height=&#8220;140%&#8220; link_text_color=&#8220;#666666&#8243; header_font=&#8220;Anton||||||||&#8220; header_text_color=&#8220;#333333&#8243; header_3_font=&#8220;Cherokee|||on|||||&#8220; header_3_text_color=&#8220;#515151&#8243; header_3_font_size=&#8220;26px&#8220; custom_margin=&#8220;5px||||false|false&#8220; text_font_size_tablet=&#8220;20px&#8220; text_font_size_phone=&#8220;20px&#8220; text_font_size_last_edited=&#8220;on|phone&#8220; header_font_size_tablet=&#8220;55px&#8220; header_font_size_last_edited=&#8220;off|desktop&#8220; global_colors_info=&#8220;{}&#8220;]<\/p>\n<h3>Irene Lackmann<\/h3>\n<p>[\/et_pb_text][et_pb_text _builder_version=&#8220;4.18.0&#8243; _module_preset=&#8220;1f09816e-184e-4ce5-a4cf-b39c52c423ca&#8220; text_font=&#8220;Microsoft sans serif||||||||&#8220; text_text_color=&#8220;#666666&#8243; text_font_size=&#8220;20px&#8220; text_line_height=&#8220;140%&#8220; link_text_color=&#8220;#666666&#8243; custom_margin=&#8220;5px||||false|false&#8220; custom_margin_tablet=&#8220;5px||20px||false|false&#8220; custom_margin_phone=&#8220;5px||20px||false|false&#8220; custom_margin_last_edited=&#8220;on|tablet&#8220; text_font_size_tablet=&#8220;20px&#8220; text_font_size_phone=&#8220;20px&#8220; text_font_size_last_edited=&#8220;on|phone&#8220; header_font_size_tablet=&#8220;55px&#8220; header_font_size_last_edited=&#8220;off|desktop&#8220; global_colors_info=&#8220;{}&#8220;]<\/p>\n<p><span style=\"font-weight: 400;\">Innenarchitektin<\/span><\/p>\n<p>[\/et_pb_text][et_pb_code _builder_version=&#8220;4.18.0&#8243; _module_preset=&#8220;default&#8220; global_colors_info=&#8220;{}&#8220;][\/et_pb_code][\/et_pb_column][et_pb_column type=&#8220;1_3&#8243; _builder_version=&#8220;4.18.0&#8243; _module_preset=&#8220;default&#8220; custom_padding=&#8220;|0px||0px|false|false&#8220; global_colors_info=&#8220;{}&#8220;][et_pb_image src=&#8220;http:\/\/mosel-immo.sichtbarjetzt.de\/wp-content\/uploads\/2022\/10\/platzhalter_ueber_uns-1.png&#8220; alt=&#8220;Platzhalter&#8220; title_text=&#8220;platzhalter_ueber_uns&#8220; _builder_version=&#8220;4.19.3&#8243; _module_preset=&#8220;default&#8220; width=&#8220;210px&#8220; global_colors_info=&#8220;{}&#8220;][\/et_pb_image][\/et_pb_column][et_pb_column type=&#8220;1_3&#8243; _builder_version=&#8220;4.18.0&#8243; _module_preset=&#8220;default&#8220; global_colors_info=&#8220;{}&#8220;][et_pb_text _builder_version=&#8220;4.18.0&#8243; _module_preset=&#8220;1f09816e-184e-4ce5-a4cf-b39c52c423ca&#8220; text_font=&#8220;Microsoft sans serif||||||||&#8220; text_text_color=&#8220;#666666&#8243; text_font_size=&#8220;20px&#8220; text_line_height=&#8220;140%&#8220; link_text_color=&#8220;#666666&#8243; custom_margin=&#8220;48px|||-100px|false|false&#8220; custom_margin_tablet=&#8220;20px|||0px|false|false&#8220; custom_margin_phone=&#8220;20px|||0px|false|false&#8220; custom_margin_last_edited=&#8220;on|tablet&#8220; text_font_size_tablet=&#8220;20px&#8220; text_font_size_phone=&#8220;20px&#8220; text_font_size_last_edited=&#8220;on|phone&#8220; header_font_size_tablet=&#8220;55px&#8220; header_font_size_last_edited=&#8220;off|desktop&#8220; global_colors_info=&#8220;{}&#8220;]<\/p>\n<p>E: <a href=\"mailto:info@moselimmocenter.de\" target=\"_blank\" rel=\"noopener\" title=\"E-Mail an Mila Todorova\">info@moselimmocenter.de  <\/a><br \/>T: <a href=\"tel:065429636691\" title=\"Anruf bei Mila Todorova\">0<span style=\"font-weight: 400;\">6542 96 36 691<\/span><\/a><\/p>\n<p>[\/et_pb_text][\/et_pb_column][\/et_pb_row][et_pb_row column_structure=&#8220;1_3,1_3,1_3&#8243; use_custom_gutter=&#8220;on&#8220; gutter_width=&#8220;1&#8243; _builder_version=&#8220;4.18.0&#8243; _module_preset=&#8220;default&#8220; custom_margin=&#8220;0px||0px||false|false&#8220; custom_padding=&#8220;0px||0px||false|false&#8220; animation_style=&#8220;slide&#8220; border_color_bottom=&#8220;#82744C&#8220; global_colors_info=&#8220;{}&#8220;][et_pb_column type=&#8220;1_3&#8243; _builder_version=&#8220;4.18.0&#8243; _module_preset=&#8220;default&#8220; custom_padding=&#8220;0px|30px|0px|0px|false|false&#8220; global_colors_info=&#8220;{}&#8220;][et_pb_text _builder_version=&#8220;4.18.0&#8243; _module_preset=&#8220;1f09816e-184e-4ce5-a4cf-b39c52c423ca&#8220; text_font=&#8220;||||||||&#8220; text_text_color=&#8220;#666666&#8243; text_font_size=&#8220;20px&#8220; text_line_height=&#8220;140%&#8220; link_text_color=&#8220;#666666&#8243; header_font=&#8220;Anton||||||||&#8220; header_text_color=&#8220;#333333&#8243; header_3_font=&#8220;Cherokee|||on|||||&#8220; header_3_text_color=&#8220;#515151&#8243; header_3_font_size=&#8220;26px&#8220; custom_margin=&#8220;5px||||false|false&#8220; text_font_size_tablet=&#8220;20px&#8220; text_font_size_phone=&#8220;20px&#8220; text_font_size_last_edited=&#8220;on|phone&#8220; header_font_size_tablet=&#8220;55px&#8220; header_font_size_last_edited=&#8220;off|desktop&#8220; global_colors_info=&#8220;{}&#8220;]<\/p>\n<h3>Tanja B\u00fcrger<\/h3>\n<p>[\/et_pb_text][et_pb_text _builder_version=&#8220;4.18.0&#8243; _module_preset=&#8220;1f09816e-184e-4ce5-a4cf-b39c52c423ca&#8220; text_font=&#8220;Microsoft sans serif||||||||&#8220; text_text_color=&#8220;#666666&#8243; text_font_size=&#8220;20px&#8220; text_line_height=&#8220;140%&#8220; link_text_color=&#8220;#666666&#8243; custom_margin=&#8220;5px||||false|false&#8220; custom_margin_tablet=&#8220;5px||20px||false|false&#8220; custom_margin_phone=&#8220;5px||20px||false|false&#8220; custom_margin_last_edited=&#8220;on|tablet&#8220; text_font_size_tablet=&#8220;20px&#8220; text_font_size_phone=&#8220;20px&#8220; text_font_size_last_edited=&#8220;on|phone&#8220; header_font_size_tablet=&#8220;55px&#8220; header_font_size_last_edited=&#8220;off|desktop&#8220; global_colors_info=&#8220;{}&#8220;]<\/p>\n<p><span style=\"font-weight: 400;\">Immobilienexpertin<\/span><\/p>\n<p>[\/et_pb_text][et_pb_code _builder_version=&#8220;4.18.0&#8243; _module_preset=&#8220;default&#8220; global_colors_info=&#8220;{}&#8220;][\/et_pb_code][\/et_pb_column][et_pb_column type=&#8220;1_3&#8243; _builder_version=&#8220;4.18.0&#8243; _module_preset=&#8220;default&#8220; custom_padding=&#8220;|0px||0px|false|false&#8220; global_colors_info=&#8220;{}&#8220;][et_pb_image src=&#8220;http:\/\/mosel-immo.sichtbarjetzt.de\/wp-content\/uploads\/2023\/03\/Tanja-Buerger-scaled.jpg&#8220; alt=&#8220;Platzhalter&#8220; title_text=&#8220;Tanja B\u00fcrger&#8220; _builder_version=&#8220;4.19.3&#8243; _module_preset=&#8220;default&#8220; width=&#8220;210px&#8220; global_colors_info=&#8220;{}&#8220;][\/et_pb_image][\/et_pb_column][et_pb_column type=&#8220;1_3&#8243; _builder_version=&#8220;4.18.0&#8243; _module_preset=&#8220;default&#8220; global_colors_info=&#8220;{}&#8220;][et_pb_text _builder_version=&#8220;4.19.3&#8243; _module_preset=&#8220;1f09816e-184e-4ce5-a4cf-b39c52c423ca&#8220; text_font=&#8220;Microsoft sans serif||||||||&#8220; text_text_color=&#8220;#666666&#8243; text_font_size=&#8220;20px&#8220; text_line_height=&#8220;140%&#8220; link_text_color=&#8220;#666666&#8243; custom_margin=&#8220;48px|||-100px|false|false&#8220; custom_margin_tablet=&#8220;20px|||0px|false|false&#8220; custom_margin_phone=&#8220;20px|||0px|false|false&#8220; custom_margin_last_edited=&#8220;on|tablet&#8220; text_font_size_tablet=&#8220;20px&#8220; text_font_size_phone=&#8220;20px&#8220; text_font_size_last_edited=&#8220;on|phone&#8220; header_font_size_tablet=&#8220;55px&#8220; header_font_size_last_edited=&#8220;off|desktop&#8220; global_colors_info=&#8220;{}&#8220;]<\/p>\n<p>E: <span> <\/span><a href=\"mailto:email@mosel-immo.sichtbarjetzt.de\">email@mosel-immo.sichtbarjetzt.de<\/a><br \/>T: <a href=\"tel:065429636691\" title=\"Anruf bei Mila Todorova\">0<span style=\"font-weight: 400;\">6542 96 36 691<\/span><\/a><br \/>M: 0<span style=\"font-weight: 400;\">170 28 91 360<\/span><\/p>\n<p>[\/et_pb_text][\/et_pb_column][\/et_pb_row][\/et_pb_section][et_pb_section fb_built=&#8220;1&#8243; custom_padding_last_edited=&#8220;off|phone&#8220; admin_label=&#8220;Header&#8220; _builder_version=&#8220;4.18.0&#8243; _module_preset=&#8220;default&#8220; background_color=&#8220;rgba(149,121,47,0.3)&#8220; background_enable_image=&#8220;off&#8220; background_position=&#8220;bottom_center&#8220; custom_margin=&#8220;||0px||false|false&#8220; custom_padding=&#8220;||70px||false|false&#8220; custom_padding_tablet=&#8220;||10%||false|false&#8220; custom_padding_phone=&#8220;||10%||false|false&#8220; da_disable_devices=&#8220;off|off|off&#8220; collapsed=&#8220;on&#8220; global_colors_info=&#8220;{}&#8220; da_is_popup=&#8220;off&#8220; da_exit_intent=&#8220;off&#8220; da_has_close=&#8220;on&#8220; da_alt_close=&#8220;off&#8220; da_dark_close=&#8220;off&#8220; da_not_modal=&#8220;on&#8220; da_is_singular=&#8220;off&#8220; da_with_loader=&#8220;off&#8220; da_has_shadow=&#8220;on&#8220;][et_pb_row _builder_version=&#8220;4.18.0&#8243; _module_preset=&#8220;default&#8220; custom_padding=&#8220;||4px|||&#8220; global_colors_info=&#8220;{}&#8220;][et_pb_column type=&#8220;4_4&#8243; _builder_version=&#8220;4.17.4&#8243; _module_preset=&#8220;default&#8220; global_colors_info=&#8220;{}&#8220;][et_pb_text _builder_version=&#8220;4.18.0&#8243; _module_preset=&#8220;b327cbe4-b1d5-4b66-ad37-40c8f2f061ba&#8220; header_2_font=&#8220;Cherokee|||on|||||&#8220; header_2_text_color=&#8220;#515151&#8243; header_2_font_size=&#8220;40px&#8220; header_2_line_height=&#8220;1.15em&#8220; max_width_tablet=&#8220;100%&#8220; max_width_phone=&#8220;100%&#8220; max_width_last_edited=&#8220;on|tablet&#8220; custom_margin=&#8220;||20px||false|false&#8220; header_2_font_size_tablet=&#8220;32px&#8220; header_2_font_size_phone=&#8220;26px&#8220; header_2_font_size_last_edited=&#8220;on|phone&#8220; global_colors_info=&#8220;{}&#8220;]<\/p>\n<h2>Auf uns k\u00f6nnen Sie sich verlassen<\/h2>\n<p>[\/et_pb_text][\/et_pb_column][\/et_pb_row][et_pb_row column_structure=&#8220;1_2,1_2&#8243; _builder_version=&#8220;4.18.0&#8243; _module_preset=&#8220;default&#8220; custom_margin=&#8220;15px||0px||false|false&#8220; custom_margin_tablet=&#8220;10px||0px||false|false&#8220; custom_margin_phone=&#8220;10px||0px||false|false&#8220; custom_margin_last_edited=&#8220;on|tablet&#8220; custom_padding=&#8220;0px||0px||false|false&#8220; locked=&#8220;off&#8220; global_colors_info=&#8220;{}&#8220;][et_pb_column type=&#8220;1_2&#8243; _builder_version=&#8220;4.18.0&#8243; _module_preset=&#8220;default&#8220; custom_padding=&#8220;0px||||false|false&#8220; global_colors_info=&#8220;{}&#8220;][et_pb_text _builder_version=&#8220;4.18.1&#8243; _module_preset=&#8220;1f09816e-184e-4ce5-a4cf-b39c52c423ca&#8220; text_font=&#8220;Microsoft sans serif|500|||||||&#8220; text_text_color=&#8220;#515151&#8243; text_font_size=&#8220;20px&#8220; text_line_height=&#8220;140%&#8220; custom_margin=&#8220;-20px||||false|false&#8220; custom_padding=&#8220;||64px|||&#8220; custom_padding_tablet=&#8220;||0px||false|false&#8220; custom_padding_phone=&#8220;||0px||false|false&#8220; custom_padding_last_edited=&#8220;on|tablet&#8220; text_font_size_tablet=&#8220;20px&#8220; text_font_size_phone=&#8220;20px&#8220; text_font_size_last_edited=&#8220;on|phone&#8220; header_font_size_tablet=&#8220;55px&#8220; header_font_size_last_edited=&#8220;off|desktop&#8220; global_colors_info=&#8220;{}&#8220;]<\/p>\n<p>Jede Immobilie hat mehrere Werte: den <strong>Sachwert,<\/strong> den <strong>Marktwert<\/strong> und \u2013 das ist ein ganz besonderer \u2013 den <strong>emotionalen Wert.<\/strong> Wenn Sie uns Ihre Immobilie anvertrauen, setzen wir uns zum einen daf\u00fcr ein, den <strong>monet\u00e4ren Wert<\/strong> f\u00fcr das Objekt zu erhalten, den Sie sich w\u00fcnschen und genauso daf\u00fcr, es an Personen weiterzugeben, die den emotionalen Wert verstehen und anerkennen.<\/p>\n<p>Wir wissen, dass der Verkauf eines geliebten Zuhauses nicht immer einfach ist. Daher m\u00f6chten wir mit unserem Service bestm\u00f6glich Ihre W\u00fcnsche rund um den Kauf und Verkauf von Immobilien erf\u00fcllen und Ihnen alle anfallenden Aufgaben abnehmen.<\/p>\n<p>[\/et_pb_text][et_pb_button button_url=&#8220;@ET-DC@eyJkeW5hbWljIjp0cnVlLCJjb250ZW50IjoicG9zdF9saW5rX3VybF9wYWdlIiwic2V0dGluZ3MiOnsicG9zdF9pZCI6IjI0NjA5In19@&#8220; button_text=&#8220;Jetzt kontakt aufnehmen&#8220; disabled_on=&#8220;on|on|off&#8220; _builder_version=&#8220;4.18.1&#8243; _dynamic_attributes=&#8220;button_url&#8220; _module_preset=&#8220;db46e67d-9505-40bb-9ebd-8901bc8b3a95&#8243; custom_button=&#8220;on&#8220; button_text_size=&#8220;12px&#8220; button_text_color=&#8220;#FFFFFF&#8220; button_bg_color=&#8220;#9C8343&#8243; button_border_width=&#8220;0px&#8220; button_border_radius=&#8220;0px&#8220; button_letter_spacing=&#8220;2px&#8220; button_font=&#8220;Microsoft sans serif|700||on|||||&#8220; custom_margin=&#8220;15px||20px||false|false&#8220; custom_margin_tablet=&#8220;15px||40px||false|false&#8220; custom_margin_phone=&#8220;15px||40px||false|false&#8220; custom_margin_last_edited=&#8220;on|tablet&#8220; custom_padding=&#8220;16px|24px|16px|24px|true|true&#8220; global_colors_info=&#8220;{}&#8220;][\/et_pb_button][\/et_pb_column][et_pb_column type=&#8220;1_2&#8243; _builder_version=&#8220;4.18.0&#8243; _module_preset=&#8220;default&#8220; custom_padding=&#8220;0px||||false|false&#8220; global_colors_info=&#8220;{}&#8220;][et_pb_text _builder_version=&#8220;4.18.0&#8243; _module_preset=&#8220;1f09816e-184e-4ce5-a4cf-b39c52c423ca&#8220; text_font=&#8220;Microsoft sans serif|500|||||||&#8220; text_text_color=&#8220;#515151&#8243; text_font_size=&#8220;20px&#8220; text_line_height=&#8220;140%&#8220; custom_margin=&#8220;-20px||||false|false&#8220; text_font_size_tablet=&#8220;20px&#8220; text_font_size_phone=&#8220;20px&#8220; text_font_size_last_edited=&#8220;on|phone&#8220; header_font_size_tablet=&#8220;55px&#8220; header_font_size_last_edited=&#8220;off|desktop&#8220; global_colors_info=&#8220;{}&#8220;]<\/p>\n<p>Unsere Leistungen f\u00fcr Sie umfassen unter anderem:<\/p>\n<ul>\n<li>Professionelle Immobilienbewertung<\/li>\n<li>Grundriss-Erstellung<\/li>\n<li>Expos\u00e9erstellung mit professionellen Fotos, Videorundg\u00e4ngen der Objekte<\/li>\n<li>Auf Wunsch Luftaufnahmen und Home Staging<\/li>\n<li>Zielgruppengerechte Vermarktung \u00fcber vielf\u00e4ltige Kan\u00e4le on und offline im In- und Ausland<\/li>\n<\/ul>\n<p>F\u00fcr <strong>Senioren<\/strong> bieten wir einen besonderen Service: Wir beraten Sie umfassend zu <strong>altersgerechten Umbaum\u00f6glichkeiten<\/strong> oder vermitteln gegebenenfalls Ihre Immobilien und suchen zugleich nach einer passenden Wohnung. In unserem regionalen Netzwerk verf\u00fcgen wir \u00fcber Kontakte zu <strong>Handwerkern, Hausverwaltungen, Gutachtern, Notaren<\/strong> und vielen weiteren, die wir Ihnen gerne vermitteln.<\/p>\n<p>[\/et_pb_text][et_pb_button button_url=&#8220;@ET-DC@eyJkeW5hbWljIjp0cnVlLCJjb250ZW50IjoicG9zdF9saW5rX3VybF9wYWdlIiwic2V0dGluZ3MiOnsicG9zdF9pZCI6IjI0NjA5In19@&#8220; button_text=&#8220;Jetzt kontakt aufnehmen&#8220; disabled_on=&#8220;off|off|on&#8220; _builder_version=&#8220;4.18.1&#8243; _dynamic_attributes=&#8220;button_url&#8220; _module_preset=&#8220;db46e67d-9505-40bb-9ebd-8901bc8b3a95&#8243; custom_button=&#8220;on&#8220; button_text_size=&#8220;12px&#8220; button_text_color=&#8220;#FFFFFF&#8220; button_bg_color=&#8220;#9C8343&#8243; button_border_width=&#8220;0px&#8220; button_border_radius=&#8220;0px&#8220; button_letter_spacing=&#8220;2px&#8220; button_font=&#8220;Microsoft sans serif|700||on|||||&#8220; custom_margin=&#8220;15px||20px||false|false&#8220; custom_margin_tablet=&#8220;15px||40px||false|false&#8220; custom_margin_phone=&#8220;15px||40px||false|false&#8220; custom_margin_last_edited=&#8220;on|tablet&#8220; custom_padding=&#8220;16px|24px|16px|24px|true|true&#8220; global_colors_info=&#8220;{}&#8220;][\/et_pb_button][\/et_pb_column][\/et_pb_row][\/et_pb_section][et_pb_section fb_built=&#8220;1&#8243; specialty=&#8220;on&#8220; admin_label=&#8220;Promos&#8220; _builder_version=&#8220;4.18.0&#8243; _module_preset=&#8220;default&#8220; background_color=&#8220;rgba(149,121,47,0.15)&#8220; min_height_tablet=&#8220;875px&#8220; min_height_phone=&#8220;806px&#8220; min_height_last_edited=&#8220;on|tablet&#8220; custom_margin=&#8220;0px||||false|false&#8220; da_disable_devices=&#8220;off|off|off&#8220; collapsed=&#8220;on&#8220; global_colors_info=&#8220;{}&#8220; da_is_popup=&#8220;off&#8220; da_exit_intent=&#8220;off&#8220; da_has_close=&#8220;on&#8220; da_alt_close=&#8220;off&#8220; da_dark_close=&#8220;off&#8220; da_not_modal=&#8220;on&#8220; da_is_singular=&#8220;off&#8220; da_with_loader=&#8220;off&#8220; da_has_shadow=&#8220;on&#8220;][et_pb_column type=&#8220;1_2&#8243; specialty_columns=&#8220;2&#8243; _builder_version=&#8220;4.16&#8243; custom_padding=&#8220;|||&#8220; global_colors_info=&#8220;{}&#8220; custom_padding__hover=&#8220;|||&#8220;][et_pb_row_inner _builder_version=&#8220;4.17.6&#8243; _module_preset=&#8220;default&#8220; width=&#8220;90%&#8220; global_colors_info=&#8220;{}&#8220;][et_pb_column_inner saved_specialty_column_type=&#8220;1_2&#8243; _builder_version=&#8220;4.17.6&#8243; _module_preset=&#8220;default&#8220; global_colors_info=&#8220;{}&#8220;][et_pb_text _builder_version=&#8220;4.18.0&#8243; _module_preset=&#8220;b327cbe4-b1d5-4b66-ad37-40c8f2f061ba&#8220; header_text_color=&#8220;#00737D&#8220; header_2_font=&#8220;Cherokee|||on|||||&#8220; header_2_text_color=&#8220;#515151&#8243; header_2_font_size=&#8220;40px&#8220; header_2_line_height=&#8220;1.15em&#8220; header_2_font_size_tablet=&#8220;32px&#8220; header_2_font_size_phone=&#8220;26px&#8220; header_2_font_size_last_edited=&#8220;on|phone&#8220; global_colors_info=&#8220;{}&#8220;]<\/p>\n<h2>Unsere Region<\/h2>\n<p>[\/et_pb_text][et_pb_text _builder_version=&#8220;4.18.0&#8243; _module_preset=&#8220;1f09816e-184e-4ce5-a4cf-b39c52c423ca&#8220; text_font=&#8220;Microsoft sans serif||||||||&#8220; text_text_color=&#8220;#515151&#8243; text_font_size=&#8220;20px&#8220; text_line_height=&#8220;140%&#8220; link_text_color=&#8220;#666666&#8243; custom_margin=&#8220;-15px||||false|false&#8220; text_font_size_tablet=&#8220;20px&#8220; text_font_size_phone=&#8220;20px&#8220; text_font_size_last_edited=&#8220;on|tablet&#8220; header_font_size_tablet=&#8220;55px&#8220; header_font_size_last_edited=&#8220;off|desktop&#8220; global_colors_info=&#8220;{}&#8220;]<\/p>\n<p>Egal, ob Sie sich f\u00fcr ein <strong>historisches Haus<\/strong> oder eine <strong>Immobilie mit Charakter<\/strong> und <strong>Geschichte<\/strong> interessieren: In unserer Region finden Sie das passende Objekt. Hier lebt und liebt man noch den pers\u00f6nlichen Umgang miteinander, die Gemeinschaft und den Austausch. Zell, Bernkastel-Cues und weitere Orte in der <strong>Mosel-Eifel-<\/strong> und <strong>Mosel-Hunsr\u00fcck-Region<\/strong> zeichnen sich in erster Linie durch eine naturnahe, <strong>l\u00e4ndliche Umgebung<\/strong> aus, in der man viel <strong>Ruhe und Erholung<\/strong> findet. Sie d\u00fcrfen jeden Tag eine Landschaft genie\u00dfen, die andere nur im Urlaub erleben. <\/p>\n<p>[\/et_pb_text][\/et_pb_column_inner][\/et_pb_row_inner][\/et_pb_column][et_pb_column type=&#8220;1_2&#8243; _builder_version=&#8220;4.16&#8243; custom_padding=&#8220;|||&#8220; global_colors_info=&#8220;{}&#8220; custom_padding__hover=&#8220;|||&#8220;][et_pb_image src=&#8220;http:\/\/mosel-immo.sichtbarjetzt.de\/wp-content\/uploads\/2022\/10\/unsere-region.jpg&#8220; alt=&#8220;Region Mosel&#8220; title_text=&#8220;Region Mosel&#8220; force_fullwidth=&#8220;on&#8220; disabled_on=&#8220;on|on|off&#8220; _builder_version=&#8220;4.18.1&#8243; _module_preset=&#8220;default&#8220; width_tablet=&#8220;100%&#8220; width_phone=&#8220;100%&#8220; width_last_edited=&#8220;on|tablet&#8220; custom_margin=&#8220;70px|||0px|false|false&#8220; custom_margin_tablet=&#8220;0px|||0%|false|false&#8220; custom_margin_phone=&#8220;-30px|||0%|false|false&#8220; custom_margin_last_edited=&#8220;on|tablet&#8220; custom_padding=&#8220;|0px|||false|false&#8220; animation_style=&#8220;zoom&#8220; global_colors_info=&#8220;{}&#8220;][\/et_pb_image][\/et_pb_column][\/et_pb_section][et_pb_section fb_built=&#8220;1&#8243; custom_padding_last_edited=&#8220;off|phone&#8220; disabled_on=&#8220;on|on|on&#8220; admin_label=&#8220;Header&#8220; _builder_version=&#8220;4.18.0&#8243; _module_preset=&#8220;default&#8220; background_color=&#8220;rgba(149,121,47,0.15)&#8220; background_enable_image=&#8220;off&#8220; background_position=&#8220;bottom_center&#8220; custom_margin=&#8220;||0px||false|false&#8220; custom_padding=&#8220;80px||100px||false|false&#8220; custom_padding_tablet=&#8220;||10%||false|false&#8220; custom_padding_phone=&#8220;||10%||false|false&#8220; da_disable_devices=&#8220;off|off|off&#8220; disabled=&#8220;on&#8220; collapsed=&#8220;on&#8220; global_colors_info=&#8220;{}&#8220; da_is_popup=&#8220;off&#8220; da_exit_intent=&#8220;off&#8220; da_has_close=&#8220;on&#8220; da_alt_close=&#8220;off&#8220; da_dark_close=&#8220;off&#8220; da_not_modal=&#8220;on&#8220; da_is_singular=&#8220;off&#8220; da_with_loader=&#8220;off&#8220; da_has_shadow=&#8220;on&#8220;][et_pb_row _builder_version=&#8220;4.18.0&#8243; _module_preset=&#8220;default&#8220; custom_margin=&#8220;0px||15px||false|false&#8220; custom_padding=&#8220;0px||0px||false|false&#8220; global_colors_info=&#8220;{}&#8220;][et_pb_column type=&#8220;4_4&#8243; _builder_version=&#8220;4.17.4&#8243; _module_preset=&#8220;default&#8220; global_colors_info=&#8220;{}&#8220;][et_pb_text _builder_version=&#8220;4.18.0&#8243; _module_preset=&#8220;b327cbe4-b1d5-4b66-ad37-40c8f2f061ba&#8220; header_2_font=&#8220;Cherokee|||on|||||&#8220; header_2_text_color=&#8220;#515151&#8243; header_2_font_size=&#8220;40px&#8220; header_2_line_height=&#8220;1.15em&#8220; max_width_tablet=&#8220;100%&#8220; max_width_phone=&#8220;100%&#8220; max_width_last_edited=&#8220;on|tablet&#8220; custom_margin=&#8220;||20px||false|false&#8220; header_2_font_size_tablet=&#8220;32px&#8220; header_2_font_size_phone=&#8220;26px&#8220; header_2_font_size_last_edited=&#8220;on|phone&#8220; global_colors_info=&#8220;{}&#8220;]<\/p>\n<h2>Wir verkaufen ihre Immobilie <\/h2>\n<p>[\/et_pb_text][\/et_pb_column][\/et_pb_row][et_pb_row column_structure=&#8220;1_2,1_2&#8243; _builder_version=&#8220;4.18.0&#8243; _module_preset=&#8220;default&#8220; custom_margin=&#8220;0px||0px||false|false&#8220; custom_padding=&#8220;0px||0px||false|false&#8220; locked=&#8220;off&#8220; global_colors_info=&#8220;{}&#8220;][et_pb_column type=&#8220;1_2&#8243; _builder_version=&#8220;4.18.0&#8243; _module_preset=&#8220;default&#8220; custom_padding=&#8220;0px||||false|false&#8220; global_colors_info=&#8220;{}&#8220;][et_pb_text _builder_version=&#8220;4.18.0&#8243; _module_preset=&#8220;1f09816e-184e-4ce5-a4cf-b39c52c423ca&#8220; text_font=&#8220;Microsoft sans serif|500|||||||&#8220; text_text_color=&#8220;#515151&#8243; text_font_size=&#8220;20px&#8220; text_line_height=&#8220;140%&#8220; custom_margin=&#8220;-20px||||false|false&#8220; text_font_size_tablet=&#8220;20px&#8220; text_font_size_phone=&#8220;20px&#8220; text_font_size_last_edited=&#8220;on|phone&#8220; header_font_size_tablet=&#8220;55px&#8220; header_font_size_last_edited=&#8220;off|desktop&#8220; global_colors_info=&#8220;{}&#8220;]<\/p>\n<p>Jede Immobilie hat mehrere Werte: den Sachwert, den Marktwert und \u2013 das ist ein ganz besonderer \u2013 den emotionalen Wert. Wenn Sie uns Ihre Immobilie anvertrauen, setzen wir uns zum einen daf\u00fcr ein, den monet\u00e4ren Wert f\u00fcr das Objekt zu erhalten, den Sie sich w\u00fcnschen und genauso daf\u00fcr, es an Personen weiterzugeben, die den emotionalen Wert verstehen und anerkennen. <\/p>\n<p>[\/et_pb_text][\/et_pb_column][et_pb_column type=&#8220;1_2&#8243; _builder_version=&#8220;4.18.0&#8243; _module_preset=&#8220;default&#8220; custom_padding=&#8220;0px||||false|false&#8220; global_colors_info=&#8220;{}&#8220;][et_pb_text _builder_version=&#8220;4.18.0&#8243; _module_preset=&#8220;1f09816e-184e-4ce5-a4cf-b39c52c423ca&#8220; text_font=&#8220;Microsoft sans serif|500|||||||&#8220; text_text_color=&#8220;#515151&#8243; text_font_size=&#8220;20px&#8220; text_line_height=&#8220;140%&#8220; custom_margin=&#8220;-20px||||false|false&#8220; text_font_size_tablet=&#8220;20px&#8220; text_font_size_phone=&#8220;20px&#8220; text_font_size_last_edited=&#8220;on|phone&#8220; header_font_size_tablet=&#8220;55px&#8220; header_font_size_last_edited=&#8220;off|desktop&#8220; global_colors_info=&#8220;{}&#8220;]Schlie\u00dflich k\u00f6nnen Sie Ihre Immobilie verkaufen, aber im Herzen wird sie immer Ihre Immobilie bleiben \u2013 und Sie werden sich w\u00fcnschen, dass jemand so damit umgeht, wie Sie selbst.[\/et_pb_text][\/et_pb_column][\/et_pb_row][\/et_pb_section][et_pb_section fb_built=&#8220;1&#8243; disabled_on=&#8220;on|on|on&#8220; admin_label=&#8220;Section&#8220; _builder_version=&#8220;4.18.1&#8243; _module_preset=&#8220;default&#8220; custom_margin=&#8220;0px||80px||false|false&#8220; custom_padding=&#8220;0px||0px||false|false&#8220; da_disable_devices=&#8220;off|off|off&#8220; disabled=&#8220;on&#8220; global_colors_info=&#8220;{}&#8220; da_is_popup=&#8220;off&#8220; da_exit_intent=&#8220;off&#8220; da_has_close=&#8220;on&#8220; da_alt_close=&#8220;off&#8220; da_dark_close=&#8220;off&#8220; da_not_modal=&#8220;on&#8220; da_is_singular=&#8220;off&#8220; da_with_loader=&#8220;off&#8220; da_has_shadow=&#8220;on&#8220;][et_pb_row column_structure=&#8220;1_2,1_2&#8243; use_custom_gutter=&#8220;on&#8220; gutter_width=&#8220;1&#8243; _builder_version=&#8220;4.18.0&#8243; _module_preset=&#8220;default&#8220; custom_margin=&#8220;-30px||0px||false|false&#8220; custom_padding=&#8220;||0px||false|false&#8220; animation_style=&#8220;slide&#8220; global_colors_info=&#8220;{}&#8220;][et_pb_column type=&#8220;1_2&#8243; _builder_version=&#8220;4.18.0&#8243; _module_preset=&#8220;default&#8220; custom_padding=&#8220;45px|30px|0px||false|false&#8220; global_colors_info=&#8220;{}&#8220;][et_pb_text _builder_version=&#8220;4.18.1&#8243; _module_preset=&#8220;b327cbe4-b1d5-4b66-ad37-40c8f2f061ba&#8220; header_text_color=&#8220;#00737D&#8220; header_2_font=&#8220;Cherokee|||on|||||&#8220; header_2_text_color=&#8220;#333333&#8243; header_2_font_size=&#8220;36px&#8220; header_2_line_height=&#8220;1.15em&#8220; header_2_font_size_tablet=&#8220;32px&#8220; header_2_font_size_phone=&#8220;26px&#8220; header_2_font_size_last_edited=&#8220;on|phone&#8220; global_colors_info=&#8220;{}&#8220;]<\/p>\n<h2>Ihre pers\u00f6nlichen Immobilienmakler<\/h2>\n<p>[\/et_pb_text][et_pb_text _builder_version=&#8220;4.18.0&#8243; _module_preset=&#8220;1f09816e-184e-4ce5-a4cf-b39c52c423ca&#8220; text_font=&#8220;Microsoft sans serif||||||||&#8220; text_text_color=&#8220;#666666&#8243; text_font_size=&#8220;20px&#8220; text_line_height=&#8220;140%&#8220; link_text_color=&#8220;#666666&#8243; custom_margin=&#8220;5px||||false|false&#8220; text_font_size_tablet=&#8220;20px&#8220; text_font_size_phone=&#8220;20px&#8220; text_font_size_last_edited=&#8220;on|phone&#8220; header_font_size_tablet=&#8220;55px&#8220; header_font_size_last_edited=&#8220;off|desktop&#8220; global_colors_info=&#8220;{}&#8220;]<\/p>\n<p class=\"normal\"><span lang=\"de\">Falls Sie pers\u00f6nliche, kompetente und erfahrene Unterst\u00fctzung beim <strong>Verkauf<\/strong> oder <strong>Kauf<\/strong> Ihrer <strong>Immobilie<\/strong> suchen, freuen wir uns, von Ihnen zu h\u00f6ren. <\/span><\/p>\n<p>[\/et_pb_text][et_pb_code _builder_version=&#8220;4.18.0&#8243; _module_preset=&#8220;default&#8220; custom_margin=&#8220;28px|||||&#8220; global_colors_info=&#8220;{}&#8220;][\/et_pb_code][et_pb_blurb title=&#8220;+49 (0) 654 296 36 691&#8243; use_icon=&#8220;on&#8220; font_icon=&#8220;&#xf879;||fa||900&#8243; icon_color=&#8220;#9C8343&#8243; icon_placement=&#8220;left&#8220; image_icon_width=&#8220;30px&#8220; _builder_version=&#8220;4.18.0&#8243; _module_preset=&#8220;default&#8220; header_font=&#8220;|800|||||||&#8220; header_text_color=&#8220;#333333&#8243; header_font_size=&#8220;21px&#8220; body_text_color=&#8220;#666666&#8243; image_icon_custom_margin=&#8220;-1px||||false|false&#8220; custom_margin=&#8220;||28px||false|false&#8220; link_option_url=&#8220;tel:004965429636691&#8243; global_colors_info=&#8220;{}&#8220; header_text_color__hover_enabled=&#8220;on|hover&#8220; header_text_color__hover=&#8220;#9C8343&#8243;][\/et_pb_blurb][et_pb_blurb title=&#8220;info@moselimmocenter.de&#8220; use_icon=&#8220;on&#8220; font_icon=&#8220;&#xe010;||divi||400&#8243; icon_color=&#8220;#9C8343&#8243; icon_placement=&#8220;left&#8220; _builder_version=&#8220;4.18.0&#8243; _module_preset=&#8220;default&#8220; header_font=&#8220;|800|||||||&#8220; header_text_color=&#8220;#333333&#8243; header_font_size=&#8220;21px&#8220; image_icon_custom_margin=&#8220;-6px||||false|false&#8220; custom_margin=&#8220;14px|||||&#8220; link_option_url=&#8220;mailto:info@moselimmocenter.de&#8220; global_colors_info=&#8220;{}&#8220; header_text_color__hover_enabled=&#8220;on|hover&#8220; header_text_color__hover=&#8220;#9C8343&#8243;][\/et_pb_blurb][\/et_pb_column][et_pb_column type=&#8220;1_2&#8243; _builder_version=&#8220;4.18.0&#8243; _module_preset=&#8220;default&#8220; global_colors_info=&#8220;{}&#8220;][et_pb_image src=&#8220;http:\/\/mosel-immo.sichtbarjetzt.de\/wp-content\/uploads\/2022\/10\/WhatsApp-Image-2022-10-26-at-15.42.png&#8220; title_text=&#8220;WhatsApp Image 2022-10-26 at 15.42&#8243; _builder_version=&#8220;4.18.0&#8243; _module_preset=&#8220;default&#8220; global_colors_info=&#8220;{}&#8220;][\/et_pb_image][\/et_pb_column][\/et_pb_row][\/et_pb_section][et_pb_section fb_built=&#8220;1&#8243; admin_label=&#8220;Section&#8220; _builder_version=&#8220;4.18.0&#8243; _module_preset=&#8220;default&#8220; custom_margin=&#8220;||80px||false|false&#8220; custom_padding=&#8220;||0px||false|false&#8220; da_disable_devices=&#8220;off|off|off&#8220; global_colors_info=&#8220;{}&#8220; da_is_popup=&#8220;off&#8220; da_exit_intent=&#8220;off&#8220; da_has_close=&#8220;on&#8220; da_alt_close=&#8220;off&#8220; da_dark_close=&#8220;off&#8220; da_not_modal=&#8220;on&#8220; da_is_singular=&#8220;off&#8220; da_with_loader=&#8220;off&#8220; da_has_shadow=&#8220;on&#8220;][et_pb_row column_structure=&#8220;1_4,1_2,1_4&#8243; use_custom_gutter=&#8220;on&#8220; gutter_width=&#8220;1&#8243; _builder_version=&#8220;4.18.1&#8243; _module_preset=&#8220;default&#8220; custom_margin=&#8220;-30px||0px||false|false&#8220; custom_margin_tablet=&#8220;-30px||0px||false|false&#8220; custom_margin_phone=&#8220;-100px||0px||false|false&#8220; custom_margin_last_edited=&#8220;on|phone&#8220; custom_padding=&#8220;||0px||false|false&#8220; animation_style=&#8220;slide&#8220; global_colors_info=&#8220;{}&#8220;][et_pb_column type=&#8220;1_4&#8243; _builder_version=&#8220;4.18.0&#8243; _module_preset=&#8220;default&#8220; custom_padding=&#8220;45px|30px|0px||false|false&#8220; global_colors_info=&#8220;{}&#8220;][et_pb_image src=&#8220;http:\/\/mosel-immo.sichtbarjetzt.de\/wp-content\/uploads\/2022\/10\/Experte_Siegel_2.gif&#8220; title_text=&#8220;Experte_Siegel_2&#8243; disabled_on=&#8220;on|on|off&#8220; _builder_version=&#8220;4.18.1&#8243; _module_preset=&#8220;default&#8220; width=&#8220;70%&#8220; width_tablet=&#8220;32%&#8220; width_phone=&#8220;44%&#8220; width_last_edited=&#8220;on|phone&#8220; global_colors_info=&#8220;{}&#8220;][\/et_pb_image][\/et_pb_column][et_pb_column type=&#8220;1_2&#8243; _builder_version=&#8220;4.18.0&#8243; _module_preset=&#8220;default&#8220; global_colors_info=&#8220;{}&#8220;][et_pb_text _builder_version=&#8220;4.18.1&#8243; _module_preset=&#8220;b327cbe4-b1d5-4b66-ad37-40c8f2f061ba&#8220; header_text_color=&#8220;#00737D&#8220; header_2_font=&#8220;Cherokee|||on|||||&#8220; header_2_text_color=&#8220;#333333&#8243; header_2_font_size=&#8220;36px&#8220; header_2_line_height=&#8220;1.15em&#8220; custom_margin_tablet=&#8220;40px||||false|false&#8220; custom_margin_phone=&#8220;40px||||false|false&#8220; custom_margin_last_edited=&#8220;on|tablet&#8220; header_2_font_size_tablet=&#8220;32px&#8220; header_2_font_size_phone=&#8220;26px&#8220; header_2_font_size_last_edited=&#8220;on|phone&#8220; global_colors_info=&#8220;{}&#8220;]<\/p>\n<h2>Ihre pers\u00f6nlichen Immobilienmakler<\/h2>\n<p>[\/et_pb_text][et_pb_text _builder_version=&#8220;4.18.1&#8243; _module_preset=&#8220;1f09816e-184e-4ce5-a4cf-b39c52c423ca&#8220; text_font=&#8220;Microsoft sans serif||||||||&#8220; text_text_color=&#8220;#666666&#8243; text_font_size=&#8220;20px&#8220; text_line_height=&#8220;140%&#8220; link_text_color=&#8220;#666666&#8243; custom_margin=&#8220;5px|60px|25px||false|false&#8220; text_font_size_tablet=&#8220;20px&#8220; text_font_size_phone=&#8220;20px&#8220; text_font_size_last_edited=&#8220;on|phone&#8220; header_font_size_tablet=&#8220;55px&#8220; header_font_size_last_edited=&#8220;off|desktop&#8220; global_colors_info=&#8220;{}&#8220;]<\/p>\n<p class=\"normal\"><span lang=\"de\">Falls Sie pers\u00f6nliche, kompetente und erfahrene Unterst\u00fctzung beim <strong>Verkauf<\/strong> oder <strong>Kauf<\/strong> Ihrer <strong>Immobilie<\/strong> suchen, freuen wir uns, von Ihnen zu h\u00f6ren. <\/span><\/p>\n<p>[\/et_pb_text][et_pb_code _builder_version=&#8220;4.18.0&#8243; _module_preset=&#8220;default&#8220; custom_margin=&#8220;28px|||||&#8220; global_colors_info=&#8220;{}&#8220;][\/et_pb_code][et_pb_blurb title=&#8220;+49 (0) 654 296 36 691&#8243; use_icon=&#8220;on&#8220; font_icon=&#8220;&#xf879;||fa||900&#8243; icon_color=&#8220;#9C8343&#8243; icon_placement=&#8220;left&#8220; image_icon_width=&#8220;30px&#8220; _builder_version=&#8220;4.18.1&#8243; _module_preset=&#8220;default&#8220; header_font=&#8220;|800|||||||&#8220; header_text_color=&#8220;#333333&#8243; header_font_size=&#8220;21px&#8220; body_text_color=&#8220;#666666&#8243; image_icon_custom_margin=&#8220;-1px||||false|false&#8220; custom_margin=&#8220;38px||28px||false|false&#8220; custom_margin_tablet=&#8220;38px||28px|-55px|false|false&#8220; custom_margin_phone=&#8220;|||0px|false|false&#8220; custom_margin_last_edited=&#8220;on|tablet&#8220; link_option_url=&#8220;tel:004965429636691&#8243; global_colors_info=&#8220;{}&#8220; header_text_color__hover_enabled=&#8220;on|hover&#8220; header_text_color__hover=&#8220;#9C8343&#8243;][\/et_pb_blurb][et_pb_blurb title=&#8220;info@moselimmocenter.de&#8220; use_icon=&#8220;on&#8220; font_icon=&#8220;&#xe010;||divi||400&#8243; icon_color=&#8220;#9C8343&#8243; icon_placement=&#8220;left&#8220; _builder_version=&#8220;4.18.1&#8243; _module_preset=&#8220;default&#8220; header_font=&#8220;|800|||||||&#8220; header_text_color=&#8220;#333333&#8243; header_font_size=&#8220;21px&#8220; image_icon_custom_margin=&#8220;-6px||||false|false&#8220; custom_margin=&#8220;14px|||||&#8220; custom_margin_tablet=&#8220;14px||20px|-55px|false|false&#8220; custom_margin_phone=&#8220;|||0px|false|false&#8220; custom_margin_last_edited=&#8220;on|phone&#8220; link_option_url=&#8220;mailto:info@moselimmocenter.de&#8220; global_colors_info=&#8220;{}&#8220; header_text_color__hover_enabled=&#8220;on|hover&#8220; header_text_color__hover=&#8220;#9C8343&#8243;][\/et_pb_blurb][\/et_pb_column][et_pb_column type=&#8220;1_4&#8243; _builder_version=&#8220;4.18.0&#8243; _module_preset=&#8220;default&#8220; global_colors_info=&#8220;{}&#8220;][et_pb_image src=&#8220;http:\/\/mosel-immo.sichtbarjetzt.de\/wp-content\/uploads\/2022\/10\/Experte_Siegel_2.gif&#8220; title_text=&#8220;Experte_Siegel_2&#8243; align_tablet=&#8220;center&#8220; align_phone=&#8220;&#8220; align_last_edited=&#8220;on|tablet&#8220; disabled_on=&#8220;off|off|on&#8220; _builder_version=&#8220;4.18.1&#8243; _module_preset=&#8220;default&#8220; width=&#8220;70%&#8220; width_tablet=&#8220;32%&#8220; width_phone=&#8220;44%&#8220; width_last_edited=&#8220;on|phone&#8220; custom_margin_tablet=&#8220;&#8220; custom_margin_phone=&#8220;13px||||false|false&#8220; custom_margin_last_edited=&#8220;on|phone&#8220; global_colors_info=&#8220;{}&#8220;][\/et_pb_image][et_pb_code _builder_version=&#8220;4.18.1&#8243; _module_preset=&#8220;default&#8220; min_height=&#8220;176.5px&#8220; custom_margin=&#8220;1px|||-5px|false|false&#8220; custom_margin_tablet=&#8220;&#8220; custom_margin_phone=&#8220;|||24px|false|false&#8220; custom_margin_last_edited=&#8220;on|tablet&#8220; custom_padding=&#8220;54px|||||&#8220; custom_padding_tablet=&#8220;7px||||false|false&#8220; custom_padding_phone=&#8220;&#8220; custom_padding_last_edited=&#8220;on|tablet&#8220; text_orientation_tablet=&#8220;center&#8220; text_orientation_phone=&#8220;&#8220; text_orientation_last_edited=&#8220;on|tablet&#8220; global_colors_info=&#8220;{}&#8220;]<iframe height='160' width='220' data-src='\/\/widget.immobilienscout24.de\/anbieter\/bewertung\/14d995d080a4e753b6892c0a494184ae' frameborder=0 style='overflow:hidden;' marginheight='0' marginwidth='0' scroll='no' src='data:image\/gif;base64,R0lGODlhAQABAAAAACH5BAEKAAEALAAAAAABAAEAAAICTAEAOw==' class='lazyload' data-load-mode='1'><\/iframe>[\/et_pb_code][\/et_pb_column][\/et_pb_row][\/et_pb_section]<\/p>\n","protected":false},"excerpt":{"rendered":"<p>\u00dcber unsIhre Immobilienmakler mit Herz und Liebe f\u00fcr die RegionIch bin Mila Todorova\u2013 und die Gr\u00fcnderin von Mosel Immobilien Center. Wir bringen zusammen, was zusammengeh\u00f6rt: Passende Immobilien f\u00fcr die passenden Menschen in den Regionen Mosel, Eifel und Hunsr\u00fcck. Nach au\u00dfen bin ich Immobilienmaklerin,aber im Inneren bin ich Sinnstifterin. Ich sehe Immobilien als besondere Wertanlagen: mit [&hellip;]<\/p>\n","protected":false},"author":8,"featured_media":0,"parent":0,"menu_order":0,"comment_status":"closed","ping_status":"closed","template":"","meta":{"_et_pb_use_builder":"on","_et_pb_old_content":"","_et_gb_content_width":"","footnotes":""},"class_list":["post-24608","page","type-page","status-publish","hentry"],"yoast_head":"<!-- This site is optimized with the Yoast SEO plugin v23.1 - https:\/\/yoast.com\/wordpress\/plugins\/seo\/ -->\n<title>\u00dcber uns - Mosel Immobilien Center<\/title>\n<meta name=\"description\" content=\"Wir bringen zusammen, was zusammen geh\u00f6rt: Passende Immobilien fu\u0308r die passenden Menschen in den Regionen Mosel, Eifel und Hunsru\u0308ck.\" \/>\n<meta name=\"robots\" content=\"index, follow, max-snippet:-1, max-image-preview:large, max-video-preview:-1\" \/>\n<link rel=\"canonical\" href=\"http:\/\/mosel-immo.sichtbarjetzt.de\/?page_id=24608\" \/>\n<meta property=\"og:locale\" content=\"de_DE\" \/>\n<meta property=\"og:type\" content=\"article\" \/>\n<meta property=\"og:title\" content=\"\u00dcber uns - Mosel Immobilien Center\" \/>\n<meta property=\"og:description\" content=\"Wir bringen zusammen, was zusammen geh\u00f6rt: Passende Immobilien fu\u0308r die passenden Menschen in den Regionen Mosel, Eifel und Hunsru\u0308ck.\" \/>\n<meta property=\"og:url\" content=\"http:\/\/mosel-immo.sichtbarjetzt.de\/?page_id=24608\" \/>\n<meta property=\"og:site_name\" content=\"Mosel Immobilien Center\" \/>\n<meta property=\"article:modified_time\" content=\"2023-04-20T08:33:41+00:00\" \/>\n<meta name=\"twitter:card\" content=\"summary_large_image\" \/>\n<meta name=\"twitter:label1\" content=\"Gesch\u00e4tzte Lesezeit\" \/>\n\t<meta name=\"twitter:data1\" content=\"10\u00a0Minuten\" \/>\n<script type=\"application\/ld+json\" class=\"yoast-schema-graph\">{\"@context\":\"https:\/\/schema.org\",\"@graph\":[{\"@type\":\"WebPage\",\"@id\":\"http:\/\/mosel-immo.sichtbarjetzt.de\/?page_id=24608\",\"url\":\"http:\/\/mosel-immo.sichtbarjetzt.de\/?page_id=24608\",\"name\":\"\u00dcber uns - Mosel Immobilien Center\",\"isPartOf\":{\"@id\":\"http:\/\/mosel-immo.sichtbarjetzt.de\/#website\"},\"datePublished\":\"2022-02-22T08:35:00+00:00\",\"dateModified\":\"2023-04-20T08:33:41+00:00\",\"description\":\"Wir bringen zusammen, was zusammen geh\u00f6rt: Passende Immobilien fu\u0308r die passenden Menschen in den Regionen Mosel, Eifel und Hunsru\u0308ck.\",\"breadcrumb\":{\"@id\":\"http:\/\/mosel-immo.sichtbarjetzt.de\/?page_id=24608#breadcrumb\"},\"inLanguage\":\"de\",\"potentialAction\":[{\"@type\":\"ReadAction\",\"target\":[\"http:\/\/mosel-immo.sichtbarjetzt.de\/?page_id=24608\"]}]},{\"@type\":\"BreadcrumbList\",\"@id\":\"http:\/\/mosel-immo.sichtbarjetzt.de\/?page_id=24608#breadcrumb\",\"itemListElement\":[{\"@type\":\"ListItem\",\"position\":1,\"name\":\"Startseite\",\"item\":\"http:\/\/mosel-immo.sichtbarjetzt.de\/\"},{\"@type\":\"ListItem\",\"position\":2,\"name\":\"\u00dcber uns\"}]},{\"@type\":\"WebSite\",\"@id\":\"http:\/\/mosel-immo.sichtbarjetzt.de\/#website\",\"url\":\"http:\/\/mosel-immo.sichtbarjetzt.de\/\",\"name\":\"Mosel Immobilien Center\",\"description\":\"Finden Sie Ihre Traumimmobilie\",\"potentialAction\":[{\"@type\":\"SearchAction\",\"target\":{\"@type\":\"EntryPoint\",\"urlTemplate\":\"http:\/\/mosel-immo.sichtbarjetzt.de\/?s={search_term_string}\"},\"query-input\":\"required name=search_term_string\"}],\"inLanguage\":\"de\"}]}<\/script>\n<!-- \/ Yoast SEO plugin. -->","yoast_head_json":{"title":"\u00dcber uns - Mosel Immobilien Center","description":"Wir bringen zusammen, was zusammen geh\u00f6rt: Passende Immobilien fu\u0308r die passenden Menschen in den Regionen Mosel, Eifel und Hunsru\u0308ck.","robots":{"index":"index","follow":"follow","max-snippet":"max-snippet:-1","max-image-preview":"max-image-preview:large","max-video-preview":"max-video-preview:-1"},"canonical":"http:\/\/mosel-immo.sichtbarjetzt.de\/?page_id=24608","og_locale":"de_DE","og_type":"article","og_title":"\u00dcber uns - Mosel Immobilien Center","og_description":"Wir bringen zusammen, was zusammen geh\u00f6rt: Passende Immobilien fu\u0308r die passenden Menschen in den Regionen Mosel, Eifel und Hunsru\u0308ck.","og_url":"http:\/\/mosel-immo.sichtbarjetzt.de\/?page_id=24608","og_site_name":"Mosel Immobilien Center","article_modified_time":"2023-04-20T08:33:41+00:00","twitter_card":"summary_large_image","twitter_misc":{"Gesch\u00e4tzte Lesezeit":"10\u00a0Minuten"},"schema":{"@context":"https:\/\/schema.org","@graph":[{"@type":"WebPage","@id":"http:\/\/mosel-immo.sichtbarjetzt.de\/?page_id=24608","url":"http:\/\/mosel-immo.sichtbarjetzt.de\/?page_id=24608","name":"\u00dcber uns - Mosel Immobilien Center","isPartOf":{"@id":"http:\/\/mosel-immo.sichtbarjetzt.de\/#website"},"datePublished":"2022-02-22T08:35:00+00:00","dateModified":"2023-04-20T08:33:41+00:00","description":"Wir bringen zusammen, was zusammen geh\u00f6rt: Passende Immobilien fu\u0308r die passenden Menschen in den Regionen Mosel, Eifel und Hunsru\u0308ck.","breadcrumb":{"@id":"http:\/\/mosel-immo.sichtbarjetzt.de\/?page_id=24608#breadcrumb"},"inLanguage":"de","potentialAction":[{"@type":"ReadAction","target":["http:\/\/mosel-immo.sichtbarjetzt.de\/?page_id=24608"]}]},{"@type":"BreadcrumbList","@id":"http:\/\/mosel-immo.sichtbarjetzt.de\/?page_id=24608#breadcrumb","itemListElement":[{"@type":"ListItem","position":1,"name":"Startseite","item":"http:\/\/mosel-immo.sichtbarjetzt.de\/"},{"@type":"ListItem","position":2,"name":"\u00dcber uns"}]},{"@type":"WebSite","@id":"http:\/\/mosel-immo.sichtbarjetzt.de\/#website","url":"http:\/\/mosel-immo.sichtbarjetzt.de\/","name":"Mosel Immobilien Center","description":"Finden Sie Ihre Traumimmobilie","potentialAction":[{"@type":"SearchAction","target":{"@type":"EntryPoint","urlTemplate":"http:\/\/mosel-immo.sichtbarjetzt.de\/?s={search_term_string}"},"query-input":"required name=search_term_string"}],"inLanguage":"de"}]}},"_links":{"self":[{"href":"http:\/\/mosel-immo.sichtbarjetzt.de\/index.php?rest_route=\/wp\/v2\/pages\/24608","targetHints":{"allow":["GET"]}}],"collection":[{"href":"http:\/\/mosel-immo.sichtbarjetzt.de\/index.php?rest_route=\/wp\/v2\/pages"}],"about":[{"href":"http:\/\/mosel-immo.sichtbarjetzt.de\/index.php?rest_route=\/wp\/v2\/types\/page"}],"author":[{"embeddable":true,"href":"http:\/\/mosel-immo.sichtbarjetzt.de\/index.php?rest_route=\/wp\/v2\/users\/8"}],"replies":[{"embeddable":true,"href":"http:\/\/mosel-immo.sichtbarjetzt.de\/index.php?rest_route=%2Fwp%2Fv2%2Fcomments&post=24608"}],"version-history":[{"count":7,"href":"http:\/\/mosel-immo.sichtbarjetzt.de\/index.php?rest_route=\/wp\/v2\/pages\/24608\/revisions"}],"predecessor-version":[{"id":44384,"href":"http:\/\/mosel-immo.sichtbarjetzt.de\/index.php?rest_route=\/wp\/v2\/pages\/24608\/revisions\/44384"}],"wp:attachment":[{"href":"http:\/\/mosel-immo.sichtbarjetzt.de\/index.php?rest_route=%2Fwp%2Fv2%2Fmedia&parent=24608"}],"curies":[{"name":"wp","href":"https:\/\/api.w.org\/{rel}","templated":true}]}}